{"id":2828,"date":"2022-09-02T10:19:42","date_gmt":"2022-09-02T10:19:42","guid":{"rendered":"https:\/\/www.baubargirona.com\/menu-grupos\/"},"modified":"2024-11-04T09:44:47","modified_gmt":"2024-11-04T09:44:47","slug":"menu-grupos","status":"publish","type":"page","link":"https:\/\/www.baubargirona.com\/es\/menu-grupos\/","title":{"rendered":"Men\u00fa grupos"},"content":{"rendered":"<div class=\"wpb-content-wrapper\"><p>[vc_row full_width=\u00bbstretch_row_content\u00bb bg_type=\u00bbimage\u00bb parallax_style=\u00bbvcpb-default\u00bb bg_image_new=\u00bbid^2594|url^https:\/\/www.baubargirona.com\/wp-content\/uploads\/2022\/09\/Restaurant2.jpg|caption^30 de abril de 2022. Baubar Restaurant por Set De Disseny.<br \/>\nCr\u00e9dito de im\u00e1genes: Toni Vilches Fotograf\u00eda.|alt^null|title^Baubar Restaurant por Set De Disseny|description^null\u00bb bg_image_repeat=\u00bbno-repeat\u00bb bg_img_attach=\u00bbfixed\u00bb css=\u00bb.vc_custom_1662044865033{margin-top: 0px !important;padding-top: 200px !important;}\u00bb][vc_column][vc_column_text css=\u00bb.vc_custom_1662113769045{padding-bottom: 0px !important;}\u00bb]<\/p>\n<h3 style=\"text-align: center;\"><span style=\"color: #ffffff;\"><strong>Men\u00fa grupos<\/strong><\/span><\/h3>\n<p>[\/vc_column_text][\/vc_column][\/vc_row][vc_row full_width=\u00bbstretch_row\u00bb bg_type=\u00bbbg_color\u00bb bg_color_value=\u00bb#ebebe6&#8243; css=\u00bb.vc_custom_1660900556900{padding-top: 0px !important;padding-bottom: 0px !important;}\u00bb][vc_column][vc_column_text css=\u00bb\u00bb]<\/p>\n<h1 style=\"text-align: center;\"><span style=\"color: #71625b;\">Ejemplo 1<\/span><\/h1>\n<p>&nbsp;<\/p>\n<h4 style=\"text-align: center;\">Entrantes a elegir:<\/h4>\n<p style=\"text-align: center;\">Ensalada de queso de cabra con manzana de Girona y vinagreta de frutos secos<\/p>\n<p style=\"text-align: center;\">Fideu\u00e1 con sepia y alioli suave.<\/p>\n<h4 style=\"text-align: center;\">Plato principal:<\/h4>\n<p style=\"text-align: center;\">Butifarra de Girona con patatas.<\/p>\n<h4 style=\"text-align: center;\">Postre:<\/h4>\n<p style=\"text-align: center;\">Mini xuixo de Girona con copa de vino dulce.<\/p>\n<p>&nbsp;<\/p>\n<p style=\"text-align: center;\">Pan, agua y vino de la casa<\/p>\n<p style=\"text-align: center;\"><strong>PVP: 24,00 \u20ac<\/strong><\/p>\n<p>[\/vc_column_text]<div class=\"hr-thin style-line\" style=\"width: 30%;border-color: #000000;border-top-width: 1px;\"><\/div>[vc_empty_space height=\u00bb40&#8243;][vc_column_text css=\u00bb\u00bb]<\/p>\n<h1 style=\"text-align: center;\"><span style=\"color: #71625b;\">Ejemplo 2<\/span><\/h1>\n<p>&nbsp;<\/p>\n<h4 style=\"text-align: center;\">Entrantes a elegir:<\/h4>\n<p style=\"text-align: center;\">Ensalada mixta con vinagreta de frutos secos<br \/>\n&#8212;<br \/>\nFideu\u00e1 con sepia y alioli suave<br \/>\n&#8212;<br \/>\nTostada de escalivada con at\u00fan y olivada<\/p>\n<h4 style=\"text-align: center;\">Plato principal a elegir:<\/h4>\n<p style=\"text-align: center;\">Butifarra de Girona con patatas<br \/>\n&#8212;<br \/>\nConejo confitado con parmentier<br \/>\n&#8212;<br \/>\nBacalao con pasas y pi\u00f1ones sobre una cama de cebolla confitada.<\/p>\n<h4 style=\"text-align: center;\">Postres a elegir:<\/h4>\n<p style=\"text-align: center;\">Mini xuixo de Girona con copa de vino dulce<br \/>\n&#8212;<br \/>\nMiel y reques\u00f3n<br \/>\n&#8212;<br \/>\nMacedonia de fruta natural.<\/p>\n<p>&nbsp;<\/p>\n<p style=\"text-align: center;\">Pan, agua y vino de la casa<\/p>\n<p style=\"text-align: center;\"><strong>PVP: 27,00 \u20ac<\/strong><\/p>\n<p>[\/vc_column_text]<div class=\"hr-thin style-line\" style=\"width: 30%;border-color: #000000;border-top-width: 1px;\"><\/div>[vc_empty_space height=\u00bb40&#8243;][vc_column_text css=\u00bb\u00bb]<\/p>\n<h1 style=\"text-align: center;\"><span style=\"color: #71625b;\">Ejemplo 3<\/span><\/h1>\n<p>&nbsp;<\/p>\n<h4 style=\"text-align: center;\">Entrantes para compartir:<\/h4>\n<p style=\"text-align: center;\">Ensalada de queso griego con manzana de Girona y nueces<\/p>\n<p style=\"text-align: center;\">Quiche de verduras con queso gorgonzola<\/p>\n<p style=\"text-align: center;\">Croquetas de asado caseras<\/p>\n<p style=\"text-align: center;\">Chipirones salteados con ajo y perejil<\/p>\n<h4 style=\"text-align: center;\">Plato principal a elegir:<\/h4>\n<p style=\"text-align: center;\">Ternera guisada con setas<br \/>\n&#8212;<br \/>\nSuprema de salm\u00f3n con salsa t\u00e1rtara<br \/>\n&#8212;<br \/>\nMuslitos de pollo con ciruelas<\/p>\n<h4 style=\"text-align: center;\">Postres a elegir:<\/h4>\n<p style=\"text-align: center;\">Mini xuixo de Girona con copa de vino dulce<br \/>\n&#8212;<br \/>\nManzana asada al horno con crema inglesa<br \/>\n&#8212;<br \/>\nTarta Sacher<\/p>\n<p>&nbsp;<\/p>\n<p style=\"text-align: center;\">Pan, agua, vino Sumarroca y caf\u00e9\/infusi\u00f3n<\/p>\n<p style=\"text-align: center;\"><strong>PVP: 37,00 \u20ac<\/strong><\/p>\n<p>[\/vc_column_text][\/vc_column][\/vc_row]<\/p>\n<\/div>","protected":false},"excerpt":{"rendered":"<p>[vc_row full_width=\u00bbstretch_row_content\u00bb bg_type=\u00bbimage\u00bb parallax_style=\u00bbvcpb-default\u00bb bg_image_new=\u00bbid^2594|url^https:\/\/www.baubargirona.com\/wp-content\/uploads\/2022\/09\/Restaurant2.jpg|caption^30 de abril de 2022. Baubar Restaurant por Set De Disseny. Cr\u00e9dito de im\u00e1genes: Toni Vilches Fotograf\u00eda.|alt^null|title^Baubar Restaurant por Set De Disseny|description^null\u00bb bg_image_repeat=\u00bbno-repeat\u00bb bg_img_attach=\u00bbfixed\u00bb css=\u00bb.vc_custom_1662044865033{margin-top: 0px !important;padding-top: 200px !important;}\u00bb][vc_column][vc_column_text css=\u00bb.vc_custom_1662113769045{padding-bottom: 0px !important;}\u00bb] Men\u00fa grupos [\/vc_column_text][\/vc_column][\/vc_row][vc_row full_width=\u00bbstretch_row\u00bb bg_type=\u00bbbg_color\u00bb bg_color_value=\u00bb#ebebe6&#8243; css=\u00bb.vc_custom_1660900556900{padding-top: 0px !important;padding-bottom: 0px !important;}\u00bb][vc_column][vc_column_text css=\u00bb\u00bb] Ejemplo 1 &nbsp; Entrantes a elegir: Ensalada&hellip;<\/p>\n","protected":false},"author":1,"featured_media":0,"parent":0,"menu_order":0,"comment_status":"closed","ping_status":"closed","template":"","meta":{"footnotes":""},"class_list":["post-2828","page","type-page","status-publish","hentry","description-off"],"_links":{"self":[{"href":"https:\/\/www.baubargirona.com\/es\/wp-json\/wp\/v2\/pages\/2828","targetHints":{"allow":["GET"]}}],"collection":[{"href":"https:\/\/www.baubargirona.com\/es\/wp-json\/wp\/v2\/pages"}],"about":[{"href":"https:\/\/www.baubargirona.com\/es\/wp-json\/wp\/v2\/types\/page"}],"author":[{"embeddable":true,"href":"https:\/\/www.baubargirona.com\/es\/wp-json\/wp\/v2\/users\/1"}],"replies":[{"embeddable":true,"href":"https:\/\/www.baubargirona.com\/es\/wp-json\/wp\/v2\/comments?post=2828"}],"version-history":[{"count":3,"href":"https:\/\/www.baubargirona.com\/es\/wp-json\/wp\/v2\/pages\/2828\/revisions"}],"predecessor-version":[{"id":2901,"href":"https:\/\/www.baubargirona.com\/es\/wp-json\/wp\/v2\/pages\/2828\/revisions\/2901"}],"wp:attachment":[{"href":"https:\/\/www.baubargirona.com\/es\/wp-json\/wp\/v2\/media?parent=2828"}],"curies":[{"name":"wp","href":"https:\/\/api.w.org\/{rel}","templated":true}]}}